{"id":8043,"date":"2022-04-26T16:14:57","date_gmt":"2022-04-26T14:14:57","guid":{"rendered":"https:\/\/camping.lesrivesdeparis.fr\/?page_id=8043"},"modified":"2026-01-21T14:40:28","modified_gmt":"2026-01-21T13:40:28","slug":"les-activites","status":"publish","type":"page","link":"https:\/\/camping.lesrivesdeparis.fr\/en\/les-activites\/","title":{"rendered":"The activities"},"content":{"rendered":"<div data-elementor-type=\"wp-page\" data-elementor-id=\"8043\" class=\"elementor elementor-8043\" data-elementor-post-type=\"page\">\n\t\t\t\t\t\t<section class=\"elementor-section elementor-top-section elementor-element elementor-element-077dc2b elementor-section-boxed elementor-section-height-default elementor-section-height-default\" data-id=\"077dc2b\" data-element_type=\"section\" data-e-type=\"section\">\n\t\t\t\t\t\t<div class=\"elementor-container elementor-column-gap-default\">\n\t\t\t\t\t<div class=\"elementor-column elementor-col-100 elementor-top-column elementor-element elementor-element-891b55e\" data-id=\"891b55e\" data-element_type=\"column\" data-e-type=\"column\">\n\t\t\t<div class=\"elementor-widget-wrap elementor-element-populated\">\n\t\t\t\t\t\t<div class=\"elementor-element elementor-element-a97d4ee elementor-widget elementor-widget-n-accordion\" data-id=\"a97d4ee\" data-element_type=\"widget\" data-e-type=\"widget\" data-settings=\"{&quot;default_state&quot;:&quot;all_collapsed&quot;,&quot;max_items_expended&quot;:&quot;one&quot;,&quot;n_accordion_animation_duration&quot;:{&quot;unit&quot;:&quot;ms&quot;,&quot;size&quot;:400,&quot;sizes&quot;:[]}}\" data-widget_type=\"nested-accordion.default\">\n\t\t\t\t<div class=\"elementor-widget-container\">\n\t\t\t\t\t\t\t<div class=\"e-n-accordion\" aria-label=\"Accordion. Open links with Enter or Space, close with Escape, and navigate with Arrow Keys\">\n\t\t\t\t\t\t<details id=\"e-n-accordion-item-1770\" class=\"e-n-accordion-item\" >\n\t\t\t\t<summary class=\"e-n-accordion-item-title\" data-accordion-index=\"1\" tabindex=\"0\" aria-expanded=\"false\" aria-controls=\"e-n-accordion-item-1770\" >\n\t\t\t\t\t<span class='e-n-accordion-item-title-header'><div class=\"e-n-accordion-item-title-text\"> \ud83d\udc0e Equestrian centre <\/div><\/span>\n\t\t\t\t\t\t\t<span class='e-n-accordion-item-title-icon'>\n\t\t\t<span class='e-opened' ><svg aria-hidden=\"true\" class=\"e-font-icon-svg e-fas-minus\" viewbox=\"0 0 448 512\" xmlns=\"http:\/\/www.w3.org\/2000\/svg\"><path d=\"M416 208H32c-17.67 0-32 14.33-32 32v32c0 17.67 14.33 32 32 32h384c17.67 0 32-14.33 32-32v-32c0-17.67-14.33-32-32-32z\"><\/path><\/svg><\/span>\n\t\t\t<span class='e-closed'><svg aria-hidden=\"true\" class=\"e-font-icon-svg e-fas-plus\" viewbox=\"0 0 448 512\" xmlns=\"http:\/\/www.w3.org\/2000\/svg\"><path d=\"M416 208H272V64c0-17.67-14.33-32-32-32h-32c-17.67 0-32 14.33-32 32v144H32c-17.67 0-32 14.33-32 32v32c0 17.67 14.33 32 32 32h144v144c0 17.67 14.33 32 32 32h32c17.67 0 32-14.33 32-32V304h144c17.67 0 32-14.33 32-32v-32c0-17.67-14.33-32-32-32z\"><\/path><\/svg><\/span>\n\t\t<\/span>\n\n\t\t\t\t\t\t<\/summary>\n\t\t\t\t<div role=\"region\" aria-labelledby=\"e-n-accordion-item-1770\" class=\"elementor-element elementor-element-008d566 e-con-full e-flex e-con e-child\" data-id=\"008d566\" data-element_type=\"container\" data-e-type=\"container\">\n\t\t\t\t<div class=\"elementor-element elementor-element-0893567 elementor-widget elementor-widget-text-editor\" data-id=\"0893567\" data-element_type=\"widget\" data-e-type=\"widget\" data-widget_type=\"text-editor.default\">\n\t\t\t\t<div class=\"elementor-widget-container\">\n\t\t\t\t\t\t\t\t\t<p>The Centre Equestre municipal Les Rives de Paris offers riding lessons for beginners and experienced riders. To book a lesson, please contact the Centre Equestre\u00a0<strong><a href=\"https:\/\/centreequestre.lesrivesdeparis.fr\/reservation\/\" target=\"_blank\" rel=\"noopener\">by clicking here<\/a><\/strong>.<\/p>\t\t\t\t\t\t\t\t<\/div>\n\t\t\t\t<\/div>\n\t\t\t\t<div class=\"elementor-element elementor-element-2c07809 elementor-widget elementor-widget-image\" data-id=\"2c07809\" data-element_type=\"widget\" data-e-type=\"widget\" data-widget_type=\"image.default\">\n\t\t\t\t<div class=\"elementor-widget-container\">\n\t\t\t\t\t\t\t\t\t\t\t\t\t\t\t\t<a href=\"https:\/\/camping.lesrivesdeparis.fr\/wp-content\/uploads\/2022\/06\/Inauguration-de-la-promenade-BDM-06.2021-72-scaled.jpg\" data-elementor-open-lightbox=\"yes\" data-elementor-lightbox-title=\"cheval centre \u00e9questre \u00e9quitation\" data-e-action-hash=\"#elementor-action%3Aaction%3Dlightbox%26settings%3DeyJpZCI6MTAyNDQsInVybCI6Imh0dHBzOlwvXC9jYW1waW5nLmxlc3JpdmVzZGVwYXJpcy5mclwvd3AtY29udGVudFwvdXBsb2Fkc1wvMjAyMlwvMDZcL0luYXVndXJhdGlvbi1kZS1sYS1wcm9tZW5hZGUtQkRNLTA2LjIwMjEtNzItc2NhbGVkLmpwZyJ9\">\n\t\t\t\t\t\t\t<img fetchpriority=\"high\" decoding=\"async\" width=\"300\" height=\"200\" src=\"https:\/\/camping.lesrivesdeparis.fr\/wp-content\/uploads\/2022\/06\/Inauguration-de-la-promenade-BDM-06.2021-72-300x200.jpg\" class=\"attachment-medium size-medium wp-image-10244\" alt=\"\" srcset=\"https:\/\/camping.lesrivesdeparis.fr\/wp-content\/uploads\/2022\/06\/Inauguration-de-la-promenade-BDM-06.2021-72-300x200.jpg 300w, https:\/\/camping.lesrivesdeparis.fr\/wp-content\/uploads\/2022\/06\/Inauguration-de-la-promenade-BDM-06.2021-72-1024x683.jpg 1024w, https:\/\/camping.lesrivesdeparis.fr\/wp-content\/uploads\/2022\/06\/Inauguration-de-la-promenade-BDM-06.2021-72-768x512.jpg 768w, https:\/\/camping.lesrivesdeparis.fr\/wp-content\/uploads\/2022\/06\/Inauguration-de-la-promenade-BDM-06.2021-72-1536x1024.jpg 1536w, https:\/\/camping.lesrivesdeparis.fr\/wp-content\/uploads\/2022\/06\/Inauguration-de-la-promenade-BDM-06.2021-72-2048x1365.jpg 2048w\" sizes=\"(max-width: 300px) 100vw, 300px\" \/>\t\t\t\t\t\t\t\t<\/a>\n\t\t\t\t\t\t\t\t\t\t\t\t\t\t\t<\/div>\n\t\t\t\t<\/div>\n\t\t\t\t<\/div>\n\t\t\t\t\t<\/details>\n\t\t\t\t\t\t<details id=\"e-n-accordion-item-1771\" class=\"e-n-accordion-item\" >\n\t\t\t\t<summary class=\"e-n-accordion-item-title\" data-accordion-index=\"2\" tabindex=\"-1\" aria-expanded=\"false\" aria-controls=\"e-n-accordion-item-1771\" >\n\t\t\t\t\t<span class='e-n-accordion-item-title-header'><div class=\"e-n-accordion-item-title-text\"> \u26f5 Electric boats without a licence <\/div><\/span>\n\t\t\t\t\t\t\t<span class='e-n-accordion-item-title-icon'>\n\t\t\t<span class='e-opened' ><svg aria-hidden=\"true\" class=\"e-font-icon-svg e-fas-minus\" viewbox=\"0 0 448 512\" xmlns=\"http:\/\/www.w3.org\/2000\/svg\"><path d=\"M416 208H32c-17.67 0-32 14.33-32 32v32c0 17.67 14.33 32 32 32h384c17.67 0 32-14.33 32-32v-32c0-17.67-14.33-32-32-32z\"><\/path><\/svg><\/span>\n\t\t\t<span class='e-closed'><svg aria-hidden=\"true\" class=\"e-font-icon-svg e-fas-plus\" viewbox=\"0 0 448 512\" xmlns=\"http:\/\/www.w3.org\/2000\/svg\"><path d=\"M416 208H272V64c0-17.67-14.33-32-32-32h-32c-17.67 0-32 14.33-32 32v144H32c-17.67 0-32 14.33-32 32v32c0 17.67 14.33 32 32 32h144v144c0 17.67 14.33 32 32 32h32c17.67 0 32-14.33 32-32V304h144c17.67 0 32-14.33 32-32v-32c0-17.67-14.33-32-32-32z\"><\/path><\/svg><\/span>\n\t\t<\/span>\n\n\t\t\t\t\t\t<\/summary>\n\t\t\t\t<div role=\"region\" aria-labelledby=\"e-n-accordion-item-1771\" class=\"elementor-element elementor-element-b2b64eb e-flex e-con-boxed e-con e-child\" data-id=\"b2b64eb\" data-element_type=\"container\" data-e-type=\"container\">\n\t\t\t\t\t<div class=\"e-con-inner\">\n\t\t\t\t<div class=\"elementor-element elementor-element-eadae0c elementor-widget elementor-widget-text-editor\" data-id=\"eadae0c\" data-element_type=\"widget\" data-e-type=\"widget\" data-widget_type=\"text-editor.default\">\n\t\t\t\t<div class=\"elementor-widget-container\">\n\t\t\t\t\t\t\t\t\t<p>The town of Neuilly-sur-Marne is offering electric boats for hire without a licence for 1, 2 or 3 hours. We look forward to seeing you in spring 2026. <strong><a href=\"https:\/\/portdeplaisancelesrivesdeparis.lokki.rent\/\">by clicking here<\/a><\/strong>.<\/p>\t\t\t\t\t\t\t\t<\/div>\n\t\t\t\t<\/div>\n\t\t\t\t<div class=\"elementor-element elementor-element-9203cf3 elementor-widget elementor-widget-image\" data-id=\"9203cf3\" data-element_type=\"widget\" data-e-type=\"widget\" data-widget_type=\"image.default\">\n\t\t\t\t<div class=\"elementor-widget-container\">\n\t\t\t\t\t\t\t\t\t\t\t\t\t\t\t\t<a href=\"https:\/\/camping.lesrivesdeparis.fr\/wp-content\/uploads\/2026\/01\/Bateaux-Seniors-09.2024-17-scaled.jpg\" data-elementor-open-lightbox=\"yes\" data-elementor-lightbox-title=\"Bateaux S\u00e9niors 09.2024-17\" data-e-action-hash=\"#elementor-action%3Aaction%3Dlightbox%26settings%3DeyJpZCI6MTE0NDIsInVybCI6Imh0dHBzOlwvXC9jYW1waW5nLmxlc3JpdmVzZGVwYXJpcy5mclwvd3AtY29udGVudFwvdXBsb2Fkc1wvMjAyNlwvMDFcL0JhdGVhdXgtU2VuaW9ycy0wOS4yMDI0LTE3LXNjYWxlZC5qcGcifQ%3D%3D\">\n\t\t\t\t\t\t\t<img decoding=\"async\" width=\"300\" height=\"200\" src=\"https:\/\/camping.lesrivesdeparis.fr\/wp-content\/uploads\/2026\/01\/Bateaux-Seniors-09.2024-17-300x200.jpg\" class=\"attachment-medium size-medium wp-image-11442\" alt=\"\" srcset=\"https:\/\/camping.lesrivesdeparis.fr\/wp-content\/uploads\/2026\/01\/Bateaux-Seniors-09.2024-17-300x200.jpg 300w, https:\/\/camping.lesrivesdeparis.fr\/wp-content\/uploads\/2026\/01\/Bateaux-Seniors-09.2024-17-1024x683.jpg 1024w, https:\/\/camping.lesrivesdeparis.fr\/wp-content\/uploads\/2026\/01\/Bateaux-Seniors-09.2024-17-768x512.jpg 768w, https:\/\/camping.lesrivesdeparis.fr\/wp-content\/uploads\/2026\/01\/Bateaux-Seniors-09.2024-17-1536x1024.jpg 1536w, https:\/\/camping.lesrivesdeparis.fr\/wp-content\/uploads\/2026\/01\/Bateaux-Seniors-09.2024-17-2048x1365.jpg 2048w, https:\/\/camping.lesrivesdeparis.fr\/wp-content\/uploads\/2026\/01\/Bateaux-Seniors-09.2024-17-18x12.jpg 18w\" sizes=\"(max-width: 300px) 100vw, 300px\" \/>\t\t\t\t\t\t\t\t<\/a>\n\t\t\t\t\t\t\t\t\t\t\t\t\t\t\t<\/div>\n\t\t\t\t<\/div>\n\t\t\t\t\t<\/div>\n\t\t\t\t<\/div>\n\t\t\t\t\t<\/details>\n\t\t\t\t\t\t<details id=\"e-n-accordion-item-1772\" class=\"e-n-accordion-item\" >\n\t\t\t\t<summary class=\"e-n-accordion-item-title\" data-accordion-index=\"3\" tabindex=\"-1\" aria-expanded=\"false\" aria-controls=\"e-n-accordion-item-1772\" >\n\t\t\t\t\t<span class='e-n-accordion-item-title-header'><div class=\"e-n-accordion-item-title-text\"> \u2693 Bords de Marne <\/div><\/span>\n\t\t\t\t\t\t\t<span class='e-n-accordion-item-title-icon'>\n\t\t\t<span class='e-opened' ><svg aria-hidden=\"true\" class=\"e-font-icon-svg e-fas-minus\" viewbox=\"0 0 448 512\" xmlns=\"http:\/\/www.w3.org\/2000\/svg\"><path d=\"M416 208H32c-17.67 0-32 14.33-32 32v32c0 17.67 14.33 32 32 32h384c17.67 0 32-14.33 32-32v-32c0-17.67-14.33-32-32-32z\"><\/path><\/svg><\/span>\n\t\t\t<span class='e-closed'><svg aria-hidden=\"true\" class=\"e-font-icon-svg e-fas-plus\" viewbox=\"0 0 448 512\" xmlns=\"http:\/\/www.w3.org\/2000\/svg\"><path d=\"M416 208H272V64c0-17.67-14.33-32-32-32h-32c-17.67 0-32 14.33-32 32v144H32c-17.67 0-32 14.33-32 32v32c0 17.67 14.33 32 32 32h144v144c0 17.67 14.33 32 32 32h32c17.67 0 32-14.33 32-32V304h144c17.67 0 32-14.33 32-32v-32c0-17.67-14.33-32-32-32z\"><\/path><\/svg><\/span>\n\t\t<\/span>\n\n\t\t\t\t\t\t<\/summary>\n\t\t\t\t<div role=\"region\" aria-labelledby=\"e-n-accordion-item-1772\" class=\"elementor-element elementor-element-de50a25 e-con-full e-flex e-con e-child\" data-id=\"de50a25\" data-element_type=\"container\" data-e-type=\"container\">\n\t\t\t\t<div class=\"elementor-element elementor-element-7141e25 elementor-widget elementor-widget-text-editor\" data-id=\"7141e25\" data-element_type=\"widget\" data-e-type=\"widget\" data-widget_type=\"text-editor.default\">\n\t\t\t\t<div class=\"elementor-widget-container\">\n\t\t\t\t\t\t\t\t\t<p>Located to the east of the Paris basin, the Marne is the longest river in France. The banks of the Marne provide a pleasant setting for walking, cycling and boating close to Paris.<\/p>\t\t\t\t\t\t\t\t<\/div>\n\t\t\t\t<\/div>\n\t\t\t\t<div class=\"elementor-element elementor-element-6f3faa8 elementor-widget elementor-widget-image\" data-id=\"6f3faa8\" data-element_type=\"widget\" data-e-type=\"widget\" data-widget_type=\"image.default\">\n\t\t\t\t<div class=\"elementor-widget-container\">\n\t\t\t\t\t\t\t\t\t\t\t\t\t\t\t\t<a href=\"https:\/\/camping.lesrivesdeparis.fr\/wp-content\/uploads\/2026\/01\/2023-07-14-NEUILLY-SUR-MARNE-14-JUILLET-2023-JP-DSCF0559-scaled.jpg\" data-elementor-open-lightbox=\"yes\" data-elementor-lightbox-title=\"2023-07-14-NEUILLY-SUR-MARNE-14-JUILLET-2023-JP\" data-e-action-hash=\"#elementor-action%3Aaction%3Dlightbox%26settings%3DeyJpZCI6MTE0NDMsInVybCI6Imh0dHBzOlwvXC9jYW1waW5nLmxlc3JpdmVzZGVwYXJpcy5mclwvd3AtY29udGVudFwvdXBsb2Fkc1wvMjAyNlwvMDFcLzIwMjMtMDctMTQtTkVVSUxMWS1TVVItTUFSTkUtMTQtSlVJTExFVC0yMDIzLUpQLURTQ0YwNTU5LXNjYWxlZC5qcGcifQ%3D%3D\">\n\t\t\t\t\t\t\t<img decoding=\"async\" width=\"300\" height=\"200\" src=\"https:\/\/camping.lesrivesdeparis.fr\/wp-content\/uploads\/2026\/01\/2023-07-14-NEUILLY-SUR-MARNE-14-JUILLET-2023-JP-DSCF0559-300x200.jpg\" class=\"attachment-medium size-medium wp-image-11443\" alt=\"\" srcset=\"https:\/\/camping.lesrivesdeparis.fr\/wp-content\/uploads\/2026\/01\/2023-07-14-NEUILLY-SUR-MARNE-14-JUILLET-2023-JP-DSCF0559-300x200.jpg 300w, https:\/\/camping.lesrivesdeparis.fr\/wp-content\/uploads\/2026\/01\/2023-07-14-NEUILLY-SUR-MARNE-14-JUILLET-2023-JP-DSCF0559-1024x683.jpg 1024w, https:\/\/camping.lesrivesdeparis.fr\/wp-content\/uploads\/2026\/01\/2023-07-14-NEUILLY-SUR-MARNE-14-JUILLET-2023-JP-DSCF0559-768x512.jpg 768w, https:\/\/camping.lesrivesdeparis.fr\/wp-content\/uploads\/2026\/01\/2023-07-14-NEUILLY-SUR-MARNE-14-JUILLET-2023-JP-DSCF0559-1536x1024.jpg 1536w, https:\/\/camping.lesrivesdeparis.fr\/wp-content\/uploads\/2026\/01\/2023-07-14-NEUILLY-SUR-MARNE-14-JUILLET-2023-JP-DSCF0559-2048x1365.jpg 2048w, https:\/\/camping.lesrivesdeparis.fr\/wp-content\/uploads\/2026\/01\/2023-07-14-NEUILLY-SUR-MARNE-14-JUILLET-2023-JP-DSCF0559-18x12.jpg 18w\" sizes=\"(max-width: 300px) 100vw, 300px\" \/>\t\t\t\t\t\t\t\t<\/a>\n\t\t\t\t\t\t\t\t\t\t\t\t\t\t\t<\/div>\n\t\t\t\t<\/div>\n\t\t\t\t<\/div>\n\t\t\t\t\t<\/details>\n\t\t\t\t\t\t<details id=\"e-n-accordion-item-1773\" class=\"e-n-accordion-item\" >\n\t\t\t\t<summary class=\"e-n-accordion-item-title\" data-accordion-index=\"4\" tabindex=\"-1\" aria-expanded=\"false\" aria-controls=\"e-n-accordion-item-1773\" >\n\t\t\t\t\t<span class='e-n-accordion-item-title-header'><div class=\"e-n-accordion-item-title-text\"> \ud83c\udf89 Neuilly l'\u00c9t\u00e9 <\/div><\/span>\n\t\t\t\t\t\t\t<span class='e-n-accordion-item-title-icon'>\n\t\t\t<span class='e-opened' ><svg aria-hidden=\"true\" class=\"e-font-icon-svg e-fas-minus\" viewbox=\"0 0 448 512\" xmlns=\"http:\/\/www.w3.org\/2000\/svg\"><path d=\"M416 208H32c-17.67 0-32 14.33-32 32v32c0 17.67 14.33 32 32 32h384c17.67 0 32-14.33 32-32v-32c0-17.67-14.33-32-32-32z\"><\/path><\/svg><\/span>\n\t\t\t<span class='e-closed'><svg aria-hidden=\"true\" class=\"e-font-icon-svg e-fas-plus\" viewbox=\"0 0 448 512\" xmlns=\"http:\/\/www.w3.org\/2000\/svg\"><path d=\"M416 208H272V64c0-17.67-14.33-32-32-32h-32c-17.67 0-32 14.33-32 32v144H32c-17.67 0-32 14.33-32 32v32c0 17.67 14.33 32 32 32h144v144c0 17.67 14.33 32 32 32h32c17.67 0 32-14.33 32-32V304h144c17.67 0 32-14.33 32-32v-32c0-17.67-14.33-32-32-32z\"><\/path><\/svg><\/span>\n\t\t<\/span>\n\n\t\t\t\t\t\t<\/summary>\n\t\t\t\t<div role=\"region\" aria-labelledby=\"e-n-accordion-item-1773\" class=\"elementor-element elementor-element-abf811c e-con-full e-flex e-con e-child\" data-id=\"abf811c\" data-element_type=\"container\" data-e-type=\"container\">\n\t\t\t\t<div class=\"elementor-element elementor-element-9f510a0 elementor-widget elementor-widget-text-editor\" data-id=\"9f510a0\" data-element_type=\"widget\" data-e-type=\"widget\" data-widget_type=\"text-editor.default\">\n\t\t\t\t<div class=\"elementor-widget-container\">\n\t\t\t\t\t\t\t\t\t<p>The Neuilly l'\u00c9t\u00e9 festival is held every year in July near the banks of the Marne and in August in the 33-hectare park. There will be plenty of entertainment throughout the day and evening for young and old alike.<\/p>\t\t\t\t\t\t\t\t<\/div>\n\t\t\t\t<\/div>\n\t\t\t\t<div class=\"elementor-element elementor-element-180f8aa elementor-widget elementor-widget-image\" data-id=\"180f8aa\" data-element_type=\"widget\" data-e-type=\"widget\" data-widget_type=\"image.default\">\n\t\t\t\t<div class=\"elementor-widget-container\">\n\t\t\t\t\t\t\t\t\t\t\t\t\t\t\t\t<a href=\"https:\/\/camping.lesrivesdeparis.fr\/wp-content\/uploads\/2026\/01\/Fete-nationale-07.2025-57-scaled.jpg\" data-elementor-open-lightbox=\"yes\" data-elementor-lightbox-title=\"F\u00eate nationale 07.2025-57\" data-e-action-hash=\"#elementor-action%3Aaction%3Dlightbox%26settings%3DeyJpZCI6MTE0NDUsInVybCI6Imh0dHBzOlwvXC9jYW1waW5nLmxlc3JpdmVzZGVwYXJpcy5mclwvd3AtY29udGVudFwvdXBsb2Fkc1wvMjAyNlwvMDFcL0ZldGUtbmF0aW9uYWxlLTA3LjIwMjUtNTctc2NhbGVkLmpwZyJ9\">\n\t\t\t\t\t\t\t<img loading=\"lazy\" decoding=\"async\" width=\"300\" height=\"200\" src=\"https:\/\/camping.lesrivesdeparis.fr\/wp-content\/uploads\/2026\/01\/Fete-nationale-07.2025-57-300x200.jpg\" class=\"attachment-medium size-medium wp-image-11445\" alt=\"\" srcset=\"https:\/\/camping.lesrivesdeparis.fr\/wp-content\/uploads\/2026\/01\/Fete-nationale-07.2025-57-300x200.jpg 300w, https:\/\/camping.lesrivesdeparis.fr\/wp-content\/uploads\/2026\/01\/Fete-nationale-07.2025-57-1024x683.jpg 1024w, https:\/\/camping.lesrivesdeparis.fr\/wp-content\/uploads\/2026\/01\/Fete-nationale-07.2025-57-768x512.jpg 768w, https:\/\/camping.lesrivesdeparis.fr\/wp-content\/uploads\/2026\/01\/Fete-nationale-07.2025-57-1536x1024.jpg 1536w, https:\/\/camping.lesrivesdeparis.fr\/wp-content\/uploads\/2026\/01\/Fete-nationale-07.2025-57-2048x1365.jpg 2048w, https:\/\/camping.lesrivesdeparis.fr\/wp-content\/uploads\/2026\/01\/Fete-nationale-07.2025-57-18x12.jpg 18w\" sizes=\"(max-width: 300px) 100vw, 300px\" \/>\t\t\t\t\t\t\t\t<\/a>\n\t\t\t\t\t\t\t\t\t\t\t\t\t\t\t<\/div>\n\t\t\t\t<\/div>\n\t\t\t\t<\/div>\n\t\t\t\t\t<\/details>\n\t\t\t\t\t\t<details id=\"e-n-accordion-item-1774\" class=\"e-n-accordion-item\" >\n\t\t\t\t<summary class=\"e-n-accordion-item-title\" data-accordion-index=\"5\" tabindex=\"-1\" aria-expanded=\"false\" aria-controls=\"e-n-accordion-item-1774\" >\n\t\t\t\t\t<span class='e-n-accordion-item-title-header'><div class=\"e-n-accordion-item-title-text\"> \ud83c\udf33 Parc de la Haute-\u00cele <\/div><\/span>\n\t\t\t\t\t\t\t<span class='e-n-accordion-item-title-icon'>\n\t\t\t<span class='e-opened' ><svg aria-hidden=\"true\" class=\"e-font-icon-svg e-fas-minus\" viewbox=\"0 0 448 512\" xmlns=\"http:\/\/www.w3.org\/2000\/svg\"><path d=\"M416 208H32c-17.67 0-32 14.33-32 32v32c0 17.67 14.33 32 32 32h384c17.67 0 32-14.33 32-32v-32c0-17.67-14.33-32-32-32z\"><\/path><\/svg><\/span>\n\t\t\t<span class='e-closed'><svg aria-hidden=\"true\" class=\"e-font-icon-svg e-fas-plus\" viewbox=\"0 0 448 512\" xmlns=\"http:\/\/www.w3.org\/2000\/svg\"><path d=\"M416 208H272V64c0-17.67-14.33-32-32-32h-32c-17.67 0-32 14.33-32 32v144H32c-17.67 0-32 14.33-32 32v32c0 17.67 14.33 32 32 32h144v144c0 17.67 14.33 32 32 32h32c17.67 0 32-14.33 32-32V304h144c17.67 0 32-14.33 32-32v-32c0-17.67-14.33-32-32-32z\"><\/path><\/svg><\/span>\n\t\t<\/span>\n\n\t\t\t\t\t\t<\/summary>\n\t\t\t\t<div role=\"region\" aria-labelledby=\"e-n-accordion-item-1774\" class=\"elementor-element elementor-element-9429fb7 e-flex e-con-boxed e-con e-child\" data-id=\"9429fb7\" data-element_type=\"container\" data-e-type=\"container\">\n\t\t\t\t\t<div class=\"e-con-inner\">\n\t\t\t\t<div class=\"elementor-element elementor-element-5f5507b elementor-widget elementor-widget-text-editor\" data-id=\"5f5507b\" data-element_type=\"widget\" data-e-type=\"widget\" data-widget_type=\"text-editor.default\">\n\t\t\t\t<div class=\"elementor-widget-container\">\n\t\t\t\t\t\t\t\t\t<p>The Parc de la Haute-\u00cele is a 65-hectare jewel of greenery, a great place to discover the flora and fauna of wetlands. Here you'll find the archaeosite, observatories and a medieval playground.<\/p>\t\t\t\t\t\t\t\t<\/div>\n\t\t\t\t<\/div>\n\t\t\t\t<div class=\"elementor-element elementor-element-e2a1a83 elementor-widget elementor-widget-image\" data-id=\"e2a1a83\" data-element_type=\"widget\" data-e-type=\"widget\" data-widget_type=\"image.default\">\n\t\t\t\t<div class=\"elementor-widget-container\">\n\t\t\t\t\t\t\t\t\t\t\t\t\t\t\t\t<a href=\"https:\/\/camping.lesrivesdeparis.fr\/wp-content\/uploads\/2022\/05\/Parc-departemental-de-la-Haute-Ile-e1652966679257.jpg\" data-elementor-open-lightbox=\"yes\" data-elementor-lightbox-title=\"Parc de la Haute Ile\" data-e-action-hash=\"#elementor-action%3Aaction%3Dlightbox%26settings%3DeyJpZCI6ODQ2NCwidXJsIjoiaHR0cHM6XC9cL2NhbXBpbmcubGVzcml2ZXNkZXBhcmlzLmZyXC93cC1jb250ZW50XC91cGxvYWRzXC8yMDIyXC8wNVwvUGFyYy1kZXBhcnRlbWVudGFsLWRlLWxhLUhhdXRlLUlsZS1lMTY1Mjk2NjY3OTI1Ny5qcGcifQ%3D%3D\">\n\t\t\t\t\t\t\t<img loading=\"lazy\" decoding=\"async\" width=\"300\" height=\"136\" src=\"https:\/\/camping.lesrivesdeparis.fr\/wp-content\/uploads\/2022\/05\/Parc-departemental-de-la-Haute-Ile-300x136.jpg\" class=\"attachment-medium size-medium wp-image-8464\" alt=\"\" srcset=\"https:\/\/camping.lesrivesdeparis.fr\/wp-content\/uploads\/2022\/05\/Parc-departemental-de-la-Haute-Ile-300x136.jpg 300w, https:\/\/camping.lesrivesdeparis.fr\/wp-content\/uploads\/2022\/05\/Parc-departemental-de-la-Haute-Ile-1024x464.jpg 1024w, https:\/\/camping.lesrivesdeparis.fr\/wp-content\/uploads\/2022\/05\/Parc-departemental-de-la-Haute-Ile-768x348.jpg 768w, https:\/\/camping.lesrivesdeparis.fr\/wp-content\/uploads\/2022\/05\/Parc-departemental-de-la-Haute-Ile-e1652966679257.jpg 800w\" sizes=\"(max-width: 300px) 100vw, 300px\" \/>\t\t\t\t\t\t\t\t<\/a>\n\t\t\t\t\t\t\t\t\t\t\t\t\t\t\t<\/div>\n\t\t\t\t<\/div>\n\t\t\t\t\t<\/div>\n\t\t\t\t<\/div>\n\t\t\t\t\t<\/details>\n\t\t\t\t\t\t<details id=\"e-n-accordion-item-1775\" class=\"e-n-accordion-item\" >\n\t\t\t\t<summary class=\"e-n-accordion-item-title\" data-accordion-index=\"6\" tabindex=\"-1\" aria-expanded=\"false\" aria-controls=\"e-n-accordion-item-1775\" >\n\t\t\t\t\t<span class='e-n-accordion-item-title-header'><div class=\"e-n-accordion-item-title-text\"> \ud83d\udc1f Restaurants <\/div><\/span>\n\t\t\t\t\t\t\t<span class='e-n-accordion-item-title-icon'>\n\t\t\t<span class='e-opened' ><svg aria-hidden=\"true\" class=\"e-font-icon-svg e-fas-minus\" viewbox=\"0 0 448 512\" xmlns=\"http:\/\/www.w3.org\/2000\/svg\"><path d=\"M416 208H32c-17.67 0-32 14.33-32 32v32c0 17.67 14.33 32 32 32h384c17.67 0 32-14.33 32-32v-32c0-17.67-14.33-32-32-32z\"><\/path><\/svg><\/span>\n\t\t\t<span class='e-closed'><svg aria-hidden=\"true\" class=\"e-font-icon-svg e-fas-plus\" viewbox=\"0 0 448 512\" xmlns=\"http:\/\/www.w3.org\/2000\/svg\"><path d=\"M416 208H272V64c0-17.67-14.33-32-32-32h-32c-17.67 0-32 14.33-32 32v144H32c-17.67 0-32 14.33-32 32v32c0 17.67 14.33 32 32 32h144v144c0 17.67 14.33 32 32 32h32c17.67 0 32-14.33 32-32V304h144c17.67 0 32-14.33 32-32v-32c0-17.67-14.33-32-32-32z\"><\/path><\/svg><\/span>\n\t\t<\/span>\n\n\t\t\t\t\t\t<\/summary>\n\t\t\t\t<div role=\"region\" aria-labelledby=\"e-n-accordion-item-1775\" class=\"elementor-element elementor-element-4849e72 e-flex e-con-boxed e-con e-child\" data-id=\"4849e72\" data-element_type=\"container\" data-e-type=\"container\">\n\t\t\t\t\t<div class=\"e-con-inner\">\n\t\t\t\t<div class=\"elementor-element elementor-element-b7d310d elementor-widget elementor-widget-text-editor\" data-id=\"b7d310d\" data-element_type=\"widget\" data-e-type=\"widget\" data-widget_type=\"text-editor.default\">\n\t\t\t\t<div class=\"elementor-widget-container\">\n\t\t\t\t\t\t\t\t\t<p>Find a place to eat in Neuilly-sur-Marne quickly with the help of the Neuilly-sur-Marne retail directory. <strong><a href=\"https:\/\/www.neuillysurmarne.fr\/annuaire-des-commerces\/?e-filter-6813257-categorie-commerce=restauration\">by clicking here<\/a><\/strong>.<\/p>\t\t\t\t\t\t\t\t<\/div>\n\t\t\t\t<\/div>\n\t\t\t\t<div class=\"elementor-element elementor-element-42630e1 elementor-widget elementor-widget-image\" data-id=\"42630e1\" data-element_type=\"widget\" data-e-type=\"widget\" data-widget_type=\"image.default\">\n\t\t\t\t<div class=\"elementor-widget-container\">\n\t\t\t\t\t\t\t\t\t\t\t\t\t\t\t\t<a href=\"https:\/\/camping.lesrivesdeparis.fr\/wp-content\/uploads\/2022\/05\/Moules-frites-scaled-e1653988424984.jpeg\" data-elementor-open-lightbox=\"yes\" data-e-action-hash=\"#elementor-action%3Aaction%3Dlightbox%26settings%3DeyJpZCI6OTM5MiwidXJsIjoiaHR0cHM6XC9cL2NhbXBpbmcubGVzcml2ZXNkZXBhcmlzLmZyXC93cC1jb250ZW50XC91cGxvYWRzXC8yMDIyXC8wNVwvTW91bGVzLWZyaXRlcy1zY2FsZWQtZTE2NTM5ODg0MjQ5ODQuanBlZyJ9\">\n\t\t\t\t\t\t\t<img loading=\"lazy\" decoding=\"async\" width=\"300\" height=\"200\" src=\"https:\/\/camping.lesrivesdeparis.fr\/wp-content\/uploads\/2022\/05\/Moules-frites-scaled-e1653988424984-300x200.jpeg\" class=\"attachment-medium size-medium wp-image-9392\" alt=\"\" srcset=\"https:\/\/camping.lesrivesdeparis.fr\/wp-content\/uploads\/2022\/05\/Moules-frites-scaled-e1653988424984-300x200.jpeg 300w, https:\/\/camping.lesrivesdeparis.fr\/wp-content\/uploads\/2022\/05\/Moules-frites-scaled-e1653988424984-768x512.jpeg 768w, https:\/\/camping.lesrivesdeparis.fr\/wp-content\/uploads\/2022\/05\/Moules-frites-scaled-e1653988424984.jpeg 800w\" sizes=\"(max-width: 300px) 100vw, 300px\" \/>\t\t\t\t\t\t\t\t<\/a>\n\t\t\t\t\t\t\t\t\t\t\t\t\t\t\t<\/div>\n\t\t\t\t<\/div>\n\t\t\t\t\t<\/div>\n\t\t\t\t<\/div>\n\t\t\t\t\t<\/details>\n\t\t\t\t\t\t<details id=\"e-n-accordion-item-1776\" class=\"e-n-accordion-item\" >\n\t\t\t\t<summary class=\"e-n-accordion-item-title\" data-accordion-index=\"7\" tabindex=\"-1\" aria-expanded=\"false\" aria-controls=\"e-n-accordion-item-1776\" >\n\t\t\t\t\t<span class='e-n-accordion-item-title-header'><div class=\"e-n-accordion-item-title-text\"> \u26ea Saint-Baudile church <\/div><\/span>\n\t\t\t\t\t\t\t<span class='e-n-accordion-item-title-icon'>\n\t\t\t<span class='e-opened' ><svg aria-hidden=\"true\" class=\"e-font-icon-svg e-fas-minus\" viewbox=\"0 0 448 512\" xmlns=\"http:\/\/www.w3.org\/2000\/svg\"><path d=\"M416 208H32c-17.67 0-32 14.33-32 32v32c0 17.67 14.33 32 32 32h384c17.67 0 32-14.33 32-32v-32c0-17.67-14.33-32-32-32z\"><\/path><\/svg><\/span>\n\t\t\t<span class='e-closed'><svg aria-hidden=\"true\" class=\"e-font-icon-svg e-fas-plus\" viewbox=\"0 0 448 512\" xmlns=\"http:\/\/www.w3.org\/2000\/svg\"><path d=\"M416 208H272V64c0-17.67-14.33-32-32-32h-32c-17.67 0-32 14.33-32 32v144H32c-17.67 0-32 14.33-32 32v32c0 17.67 14.33 32 32 32h144v144c0 17.67 14.33 32 32 32h32c17.67 0 32-14.33 32-32V304h144c17.67 0 32-14.33 32-32v-32c0-17.67-14.33-32-32-32z\"><\/path><\/svg><\/span>\n\t\t<\/span>\n\n\t\t\t\t\t\t<\/summary>\n\t\t\t\t<div role=\"region\" aria-labelledby=\"e-n-accordion-item-1776\" class=\"elementor-element elementor-element-cda0024 e-flex e-con-boxed e-con e-child\" data-id=\"cda0024\" data-element_type=\"container\" data-e-type=\"container\">\n\t\t\t\t\t<div class=\"e-con-inner\">\n\t\t\t\t<div class=\"elementor-element elementor-element-3e9cefd elementor-widget elementor-widget-text-editor\" data-id=\"3e9cefd\" data-element_type=\"widget\" data-e-type=\"widget\" data-widget_type=\"text-editor.default\">\n\t\t\t\t<div class=\"elementor-widget-container\">\n\t\t\t\t\t\t\t\t\t<p>The 12th-century church is a vestige of the Middle Ages that is still very much alive. The building, which combines Romanesque and Gothic styles, was listed as a Historic Monument in 1913. Discover its history <strong><a href=\"https:\/\/www.neuillysurmarne.fr\/votre-ville\/decouvrir-neuilly\/monuments\/eglise-saint-baudile\/\">by clicking here<\/a><\/strong>.<\/p>\t\t\t\t\t\t\t\t<\/div>\n\t\t\t\t<\/div>\n\t\t\t\t<div class=\"elementor-element elementor-element-056c83c elementor-widget elementor-widget-image\" data-id=\"056c83c\" data-element_type=\"widget\" data-e-type=\"widget\" data-widget_type=\"image.default\">\n\t\t\t\t<div class=\"elementor-widget-container\">\n\t\t\t\t\t\t\t\t\t\t\t\t\t\t\t\t<a href=\"https:\/\/camping.lesrivesdeparis.fr\/wp-content\/uploads\/2022\/06\/Illustrations-Eglise-St-Baudile-06.2021-21-scaled.jpg\" data-elementor-open-lightbox=\"yes\" data-e-action-hash=\"#elementor-action%3Aaction%3Dlightbox%26settings%3DeyJpZCI6MTAyNjAsInVybCI6Imh0dHBzOlwvXC9jYW1waW5nLmxlc3JpdmVzZGVwYXJpcy5mclwvd3AtY29udGVudFwvdXBsb2Fkc1wvMjAyMlwvMDZcL0lsbHVzdHJhdGlvbnMtRWdsaXNlLVN0LUJhdWRpbGUtMDYuMjAyMS0yMS1zY2FsZWQuanBnIn0%3D\">\n\t\t\t\t\t\t\t<img loading=\"lazy\" decoding=\"async\" width=\"300\" height=\"200\" src=\"https:\/\/camping.lesrivesdeparis.fr\/wp-content\/uploads\/2022\/06\/Illustrations-Eglise-St-Baudile-06.2021-21-300x200.jpg\" class=\"attachment-medium size-medium wp-image-10260\" alt=\"\" srcset=\"https:\/\/camping.lesrivesdeparis.fr\/wp-content\/uploads\/2022\/06\/Illustrations-Eglise-St-Baudile-06.2021-21-300x200.jpg 300w, https:\/\/camping.lesrivesdeparis.fr\/wp-content\/uploads\/2022\/06\/Illustrations-Eglise-St-Baudile-06.2021-21-1024x683.jpg 1024w, https:\/\/camping.lesrivesdeparis.fr\/wp-content\/uploads\/2022\/06\/Illustrations-Eglise-St-Baudile-06.2021-21-768x512.jpg 768w, https:\/\/camping.lesrivesdeparis.fr\/wp-content\/uploads\/2022\/06\/Illustrations-Eglise-St-Baudile-06.2021-21-1536x1024.jpg 1536w, https:\/\/camping.lesrivesdeparis.fr\/wp-content\/uploads\/2022\/06\/Illustrations-Eglise-St-Baudile-06.2021-21-2048x1365.jpg 2048w\" sizes=\"(max-width: 300px) 100vw, 300px\" \/>\t\t\t\t\t\t\t\t<\/a>\n\t\t\t\t\t\t\t\t\t\t\t\t\t\t\t<\/div>\n\t\t\t\t<\/div>\n\t\t\t\t\t<\/div>\n\t\t\t\t<\/div>\n\t\t\t\t\t<\/details>\n\t\t\t\t\t\t<details id=\"e-n-accordion-item-1777\" class=\"e-n-accordion-item\" >\n\t\t\t\t<summary class=\"e-n-accordion-item-title\" data-accordion-index=\"8\" tabindex=\"-1\" aria-expanded=\"false\" aria-controls=\"e-n-accordion-item-1777\" >\n\t\t\t\t\t<span class='e-n-accordion-item-title-header'><div class=\"e-n-accordion-item-title-text\"> \ud83c\udfca\ud83c\udffc\u200d\u2640\ufe0f Plein Soleil swimming pool <\/div><\/span>\n\t\t\t\t\t\t\t<span class='e-n-accordion-item-title-icon'>\n\t\t\t<span class='e-opened' ><svg aria-hidden=\"true\" class=\"e-font-icon-svg e-fas-minus\" viewbox=\"0 0 448 512\" xmlns=\"http:\/\/www.w3.org\/2000\/svg\"><path d=\"M416 208H32c-17.67 0-32 14.33-32 32v32c0 17.67 14.33 32 32 32h384c17.67 0 32-14.33 32-32v-32c0-17.67-14.33-32-32-32z\"><\/path><\/svg><\/span>\n\t\t\t<span class='e-closed'><svg aria-hidden=\"true\" class=\"e-font-icon-svg e-fas-plus\" viewbox=\"0 0 448 512\" xmlns=\"http:\/\/www.w3.org\/2000\/svg\"><path d=\"M416 208H272V64c0-17.67-14.33-32-32-32h-32c-17.67 0-32 14.33-32 32v144H32c-17.67 0-32 14.33-32 32v32c0 17.67 14.33 32 32 32h144v144c0 17.67 14.33 32 32 32h32c17.67 0 32-14.33 32-32V304h144c17.67 0 32-14.33 32-32v-32c0-17.67-14.33-32-32-32z\"><\/path><\/svg><\/span>\n\t\t<\/span>\n\n\t\t\t\t\t\t<\/summary>\n\t\t\t\t<div role=\"region\" aria-labelledby=\"e-n-accordion-item-1777\" class=\"elementor-element elementor-element-57a607e e-flex e-con-boxed e-con e-child\" data-id=\"57a607e\" data-element_type=\"container\" data-e-type=\"container\">\n\t\t\t\t\t<div class=\"e-con-inner\">\n\t\t\t\t<div class=\"elementor-element elementor-element-0fa8f01 elementor-widget elementor-widget-text-editor\" data-id=\"0fa8f01\" data-element_type=\"widget\" data-e-type=\"widget\" data-widget_type=\"text-editor.default\">\n\t\t\t\t<div class=\"elementor-widget-container\">\n\t\t\t\t\t\t\t\t\t<p>The Neuilly-sur-Marne swimming pool is an indoor pool with a large 25-metre swimming pool with several water lines. It also has a solarium for relaxing in the sun in summer.<\/p>\t\t\t\t\t\t\t\t<\/div>\n\t\t\t\t<\/div>\n\t\t\t\t<div class=\"elementor-element elementor-element-ea99831 elementor-widget elementor-widget-image\" data-id=\"ea99831\" data-element_type=\"widget\" data-e-type=\"widget\" data-widget_type=\"image.default\">\n\t\t\t\t<div class=\"elementor-widget-container\">\n\t\t\t\t\t\t\t\t\t\t\t\t\t\t\t\t<a href=\"https:\/\/camping.lesrivesdeparis.fr\/wp-content\/uploads\/2022\/05\/Piscine-Plein-Soleil-1.jpg\" data-elementor-open-lightbox=\"yes\" data-elementor-lightbox-title=\"Piscine Plein Soleil\" data-e-action-hash=\"#elementor-action%3Aaction%3Dlightbox%26settings%3DeyJpZCI6ODg0MCwidXJsIjoiaHR0cHM6XC9cL2NhbXBpbmcubGVzcml2ZXNkZXBhcmlzLmZyXC93cC1jb250ZW50XC91cGxvYWRzXC8yMDIyXC8wNVwvUGlzY2luZS1QbGVpbi1Tb2xlaWwtMS5qcGcifQ%3D%3D\">\n\t\t\t\t\t\t\t<img loading=\"lazy\" decoding=\"async\" width=\"300\" height=\"225\" src=\"https:\/\/camping.lesrivesdeparis.fr\/wp-content\/uploads\/2022\/05\/Piscine-Plein-Soleil-1-300x225.jpg\" class=\"attachment-medium size-medium wp-image-8840\" alt=\"\" srcset=\"https:\/\/camping.lesrivesdeparis.fr\/wp-content\/uploads\/2022\/05\/Piscine-Plein-Soleil-1-300x225.jpg 300w, https:\/\/camping.lesrivesdeparis.fr\/wp-content\/uploads\/2022\/05\/Piscine-Plein-Soleil-1-1024x766.jpg 1024w, https:\/\/camping.lesrivesdeparis.fr\/wp-content\/uploads\/2022\/05\/Piscine-Plein-Soleil-1-768x575.jpg 768w, https:\/\/camping.lesrivesdeparis.fr\/wp-content\/uploads\/2022\/05\/Piscine-Plein-Soleil-1.jpg 1443w\" sizes=\"(max-width: 300px) 100vw, 300px\" \/>\t\t\t\t\t\t\t\t<\/a>\n\t\t\t\t\t\t\t\t\t\t\t\t\t\t\t<\/div>\n\t\t\t\t<\/div>\n\t\t\t\t\t<\/div>\n\t\t\t\t<\/div>\n\t\t\t\t\t<\/details>\n\t\t\t\t\t\t<details id=\"e-n-accordion-item-1778\" class=\"e-n-accordion-item\" >\n\t\t\t\t<summary class=\"e-n-accordion-item-title\" data-accordion-index=\"9\" tabindex=\"-1\" aria-expanded=\"false\" aria-controls=\"e-n-accordion-item-1778\" >\n\t\t\t\t\t<span class='e-n-accordion-item-title-header'><div class=\"e-n-accordion-item-title-text\"> \ud83c\udf3f 33-hectare park <\/div><\/span>\n\t\t\t\t\t\t\t<span class='e-n-accordion-item-title-icon'>\n\t\t\t<span class='e-opened' ><svg aria-hidden=\"true\" class=\"e-font-icon-svg e-fas-minus\" viewbox=\"0 0 448 512\" xmlns=\"http:\/\/www.w3.org\/2000\/svg\"><path d=\"M416 208H32c-17.67 0-32 14.33-32 32v32c0 17.67 14.33 32 32 32h384c17.67 0 32-14.33 32-32v-32c0-17.67-14.33-32-32-32z\"><\/path><\/svg><\/span>\n\t\t\t<span class='e-closed'><svg aria-hidden=\"true\" class=\"e-font-icon-svg e-fas-plus\" viewbox=\"0 0 448 512\" xmlns=\"http:\/\/www.w3.org\/2000\/svg\"><path d=\"M416 208H272V64c0-17.67-14.33-32-32-32h-32c-17.67 0-32 14.33-32 32v144H32c-17.67 0-32 14.33-32 32v32c0 17.67 14.33 32 32 32h144v144c0 17.67 14.33 32 32 32h32c17.67 0 32-14.33 32-32V304h144c17.67 0 32-14.33 32-32v-32c0-17.67-14.33-32-32-32z\"><\/path><\/svg><\/span>\n\t\t<\/span>\n\n\t\t\t\t\t\t<\/summary>\n\t\t\t\t<div role=\"region\" aria-labelledby=\"e-n-accordion-item-1778\" class=\"elementor-element elementor-element-c97a9d4 e-flex e-con-boxed e-con e-child\" data-id=\"c97a9d4\" data-element_type=\"container\" data-e-type=\"container\">\n\t\t\t\t\t<div class=\"e-con-inner\">\n\t\t\t\t<div class=\"elementor-element elementor-element-dec7513 elementor-widget elementor-widget-text-editor\" data-id=\"dec7513\" data-element_type=\"widget\" data-e-type=\"widget\" data-widget_type=\"text-editor.default\">\n\t\t\t\t<div class=\"elementor-widget-container\">\n\t\t\t\t\t\t\t\t\t<p>The 33-hectare park is a huge green space with a host of attractions for children and their parents: cycle path, fitness trail, skate park, 4 children's play areas, Aqualudik, miniature golf, book boxes, etc.<\/p>\t\t\t\t\t\t\t\t<\/div>\n\t\t\t\t<\/div>\n\t\t\t\t<div class=\"elementor-element elementor-element-3328ed1 elementor-widget elementor-widget-image\" data-id=\"3328ed1\" data-element_type=\"widget\" data-e-type=\"widget\" data-widget_type=\"image.default\">\n\t\t\t\t<div class=\"elementor-widget-container\">\n\t\t\t\t\t\t\t\t\t\t\t\t\t\t\t\t<a href=\"https:\/\/camping.lesrivesdeparis.fr\/wp-content\/uploads\/2023\/05\/Chasse-aux-oeufs-04.2023-8-scaled.jpg\" data-elementor-open-lightbox=\"yes\" data-elementor-lightbox-title=\"Chasse aux oeufs 04.2023-8\" data-e-action-hash=\"#elementor-action%3Aaction%3Dlightbox%26settings%3DeyJpZCI6MTEwMzUsInVybCI6Imh0dHBzOlwvXC9jYW1waW5nLmxlc3JpdmVzZGVwYXJpcy5mclwvd3AtY29udGVudFwvdXBsb2Fkc1wvMjAyM1wvMDVcL0NoYXNzZS1hdXgtb2V1ZnMtMDQuMjAyMy04LXNjYWxlZC5qcGcifQ%3D%3D\">\n\t\t\t\t\t\t\t<img loading=\"lazy\" decoding=\"async\" width=\"300\" height=\"200\" src=\"https:\/\/camping.lesrivesdeparis.fr\/wp-content\/uploads\/2023\/05\/Chasse-aux-oeufs-04.2023-8-300x200.jpg\" class=\"attachment-medium size-medium wp-image-11035\" alt=\"\" srcset=\"https:\/\/camping.lesrivesdeparis.fr\/wp-content\/uploads\/2023\/05\/Chasse-aux-oeufs-04.2023-8-300x200.jpg 300w, https:\/\/camping.lesrivesdeparis.fr\/wp-content\/uploads\/2023\/05\/Chasse-aux-oeufs-04.2023-8-1024x683.jpg 1024w, https:\/\/camping.lesrivesdeparis.fr\/wp-content\/uploads\/2023\/05\/Chasse-aux-oeufs-04.2023-8-768x512.jpg 768w, https:\/\/camping.lesrivesdeparis.fr\/wp-content\/uploads\/2023\/05\/Chasse-aux-oeufs-04.2023-8-1536x1024.jpg 1536w, https:\/\/camping.lesrivesdeparis.fr\/wp-content\/uploads\/2023\/05\/Chasse-aux-oeufs-04.2023-8-2048x1365.jpg 2048w\" sizes=\"(max-width: 300px) 100vw, 300px\" \/>\t\t\t\t\t\t\t\t<\/a>\n\t\t\t\t\t\t\t\t\t\t\t\t\t\t\t<\/div>\n\t\t\t\t<\/div>\n\t\t\t\t\t<\/div>\n\t\t\t\t<\/div>\n\t\t\t\t\t<\/details>\n\t\t\t\t\t\t<details id=\"e-n-accordion-item-1779\" class=\"e-n-accordion-item\" >\n\t\t\t\t<summary class=\"e-n-accordion-item-title\" data-accordion-index=\"10\" tabindex=\"-1\" aria-expanded=\"false\" aria-controls=\"e-n-accordion-item-1779\" >\n\t\t\t\t\t<span class='e-n-accordion-item-title-header'><div class=\"e-n-accordion-item-title-text\"> \ud83d\udc11 M\u00e9nagerie Saint-Baudile <\/div><\/span>\n\t\t\t\t\t\t\t<span class='e-n-accordion-item-title-icon'>\n\t\t\t<span class='e-opened' ><svg aria-hidden=\"true\" class=\"e-font-icon-svg e-fas-minus\" viewbox=\"0 0 448 512\" xmlns=\"http:\/\/www.w3.org\/2000\/svg\"><path d=\"M416 208H32c-17.67 0-32 14.33-32 32v32c0 17.67 14.33 32 32 32h384c17.67 0 32-14.33 32-32v-32c0-17.67-14.33-32-32-32z\"><\/path><\/svg><\/span>\n\t\t\t<span class='e-closed'><svg aria-hidden=\"true\" class=\"e-font-icon-svg e-fas-plus\" viewbox=\"0 0 448 512\" xmlns=\"http:\/\/www.w3.org\/2000\/svg\"><path d=\"M416 208H272V64c0-17.67-14.33-32-32-32h-32c-17.67 0-32 14.33-32 32v144H32c-17.67 0-32 14.33-32 32v32c0 17.67 14.33 32 32 32h144v144c0 17.67 14.33 32 32 32h32c17.67 0 32-14.33 32-32V304h144c17.67 0 32-14.33 32-32v-32c0-17.67-14.33-32-32-32z\"><\/path><\/svg><\/span>\n\t\t<\/span>\n\n\t\t\t\t\t\t<\/summary>\n\t\t\t\t<div role=\"region\" aria-labelledby=\"e-n-accordion-item-1779\" class=\"elementor-element elementor-element-edbe346 e-flex e-con-boxed e-con e-child\" data-id=\"edbe346\" data-element_type=\"container\" data-e-type=\"container\">\n\t\t\t\t\t<div class=\"e-con-inner\">\n\t\t\t\t<div class=\"elementor-element elementor-element-4a23ac0 elementor-widget elementor-widget-text-editor\" data-id=\"4a23ac0\" data-element_type=\"widget\" data-e-type=\"widget\" data-widget_type=\"text-editor.default\">\n\t\t\t\t<div class=\"elementor-widget-container\">\n\t\t\t\t\t\t\t\t\t<p>At the heart of the 33-hectare park, the menagerie is home to cows, donkeys, geese, pigs, goats, rabbits, a wide variety of birds, peacocks and pheasants, as well as ancient species of pigeons and chickens. This educational farm aims to conserve and promote little-known animal species. To consult the timetable,\u00a0<strong><a href=\"https:\/\/www.neuillysurmarne.fr\/votre-ville\/decouvrir-neuilly\/les-parcs-et-squares\/menagerie-saint-baudile\/\" target=\"_blank\" rel=\"noopener\">click here<\/a><\/strong>.<\/p>\t\t\t\t\t\t\t\t<\/div>\n\t\t\t\t<\/div>\n\t\t\t\t<div class=\"elementor-element elementor-element-77ed1c6 elementor-widget elementor-widget-image\" data-id=\"77ed1c6\" data-element_type=\"widget\" data-e-type=\"widget\" data-widget_type=\"image.default\">\n\t\t\t\t<div class=\"elementor-widget-container\">\n\t\t\t\t\t\t\t\t\t\t\t\t\t\t\t\t<a href=\"https:\/\/camping.lesrivesdeparis.fr\/wp-content\/uploads\/2022\/06\/Tonte-des-moutons-04.2022-2-scaled.jpg\" data-elementor-open-lightbox=\"yes\" data-e-action-hash=\"#elementor-action%3Aaction%3Dlightbox%26settings%3DeyJpZCI6MTAyOTQsInVybCI6Imh0dHBzOlwvXC9jYW1waW5nLmxlc3JpdmVzZGVwYXJpcy5mclwvd3AtY29udGVudFwvdXBsb2Fkc1wvMjAyMlwvMDZcL1RvbnRlLWRlcy1tb3V0b25zLTA0LjIwMjItMi1zY2FsZWQuanBnIn0%3D\">\n\t\t\t\t\t\t\t<img loading=\"lazy\" decoding=\"async\" width=\"300\" height=\"200\" src=\"https:\/\/camping.lesrivesdeparis.fr\/wp-content\/uploads\/2022\/06\/Tonte-des-moutons-04.2022-2-300x200.jpg\" class=\"attachment-medium size-medium wp-image-10294\" alt=\"\" srcset=\"https:\/\/camping.lesrivesdeparis.fr\/wp-content\/uploads\/2022\/06\/Tonte-des-moutons-04.2022-2-300x200.jpg 300w, https:\/\/camping.lesrivesdeparis.fr\/wp-content\/uploads\/2022\/06\/Tonte-des-moutons-04.2022-2-1024x683.jpg 1024w, https:\/\/camping.lesrivesdeparis.fr\/wp-content\/uploads\/2022\/06\/Tonte-des-moutons-04.2022-2-768x512.jpg 768w, https:\/\/camping.lesrivesdeparis.fr\/wp-content\/uploads\/2022\/06\/Tonte-des-moutons-04.2022-2-1536x1024.jpg 1536w, https:\/\/camping.lesrivesdeparis.fr\/wp-content\/uploads\/2022\/06\/Tonte-des-moutons-04.2022-2-2048x1365.jpg 2048w\" sizes=\"(max-width: 300px) 100vw, 300px\" \/>\t\t\t\t\t\t\t\t<\/a>\n\t\t\t\t\t\t\t\t\t\t\t\t\t\t\t<\/div>\n\t\t\t\t<\/div>\n\t\t\t\t\t<\/div>\n\t\t\t\t<\/div>\n\t\t\t\t\t<\/details>\n\t\t\t\t\t\t<details id=\"e-n-accordion-item-17710\" class=\"e-n-accordion-item\" >\n\t\t\t\t<summary class=\"e-n-accordion-item-title\" data-accordion-index=\"11\" tabindex=\"-1\" aria-expanded=\"false\" aria-controls=\"e-n-accordion-item-17710\" >\n\t\t\t\t\t<span class='e-n-accordion-item-title-header'><div class=\"e-n-accordion-item-title-text\"> \ud83d\udea3\ud83c\udffc Olympic water sports centre <\/div><\/span>\n\t\t\t\t\t\t\t<span class='e-n-accordion-item-title-icon'>\n\t\t\t<span class='e-opened' ><svg aria-hidden=\"true\" class=\"e-font-icon-svg e-fas-minus\" viewbox=\"0 0 448 512\" xmlns=\"http:\/\/www.w3.org\/2000\/svg\"><path d=\"M416 208H32c-17.67 0-32 14.33-32 32v32c0 17.67 14.33 32 32 32h384c17.67 0 32-14.33 32-32v-32c0-17.67-14.33-32-32-32z\"><\/path><\/svg><\/span>\n\t\t\t<span class='e-closed'><svg aria-hidden=\"true\" class=\"e-font-icon-svg e-fas-plus\" viewbox=\"0 0 448 512\" xmlns=\"http:\/\/www.w3.org\/2000\/svg\"><path d=\"M416 208H272V64c0-17.67-14.33-32-32-32h-32c-17.67 0-32 14.33-32 32v144H32c-17.67 0-32 14.33-32 32v32c0 17.67 14.33 32 32 32h144v144c0 17.67 14.33 32 32 32h32c17.67 0 32-14.33 32-32V304h144c17.67 0 32-14.33 32-32v-32c0-17.67-14.33-32-32-32z\"><\/path><\/svg><\/span>\n\t\t<\/span>\n\n\t\t\t\t\t\t<\/summary>\n\t\t\t\t<div role=\"region\" aria-labelledby=\"e-n-accordion-item-17710\" class=\"elementor-element elementor-element-76471ee e-flex e-con-boxed e-con e-child\" data-id=\"76471ee\" data-element_type=\"container\" data-e-type=\"container\">\n\t\t\t\t\t<div class=\"e-con-inner\">\n\t\t\t\t<div class=\"elementor-element elementor-element-67c705b elementor-widget elementor-widget-text-editor\" data-id=\"67c705b\" data-element_type=\"widget\" data-e-type=\"widget\" data-widget_type=\"text-editor.default\">\n\t\t\t\t<div class=\"elementor-widget-container\">\n\t\t\t\t\t\t\t\t\t<p>The Vaires-sur-Marne nautical stadium on the Vaires-Torcy leisure island will host the rowing and canoeing events for the Paris 2024 Olympic Games.<\/p>\t\t\t\t\t\t\t\t<\/div>\n\t\t\t\t<\/div>\n\t\t\t\t<div class=\"elementor-element elementor-element-db154e5 elementor-widget elementor-widget-image\" data-id=\"db154e5\" data-element_type=\"widget\" data-e-type=\"widget\" data-widget_type=\"image.default\">\n\t\t\t\t<div class=\"elementor-widget-container\">\n\t\t\t\t\t\t\t\t\t\t\t\t\t\t\t\t<a href=\"https:\/\/camping.lesrivesdeparis.fr\/wp-content\/uploads\/2022\/06\/25757-210208090531204-0.jpg\" data-elementor-open-lightbox=\"yes\" data-e-action-hash=\"#elementor-action%3Aaction%3Dlightbox%26settings%3DeyJpZCI6MTAzMDQsInVybCI6Imh0dHBzOlwvXC9jYW1waW5nLmxlc3JpdmVzZGVwYXJpcy5mclwvd3AtY29udGVudFwvdXBsb2Fkc1wvMjAyMlwvMDZcLzI1NzU3LTIxMDIwODA5MDUzMTIwNC0wLmpwZyJ9\">\n\t\t\t\t\t\t\t<img loading=\"lazy\" decoding=\"async\" width=\"300\" height=\"163\" src=\"https:\/\/camping.lesrivesdeparis.fr\/wp-content\/uploads\/2022\/06\/25757-210208090531204-0-300x163.jpg\" class=\"attachment-medium size-medium wp-image-10304\" alt=\"\" srcset=\"https:\/\/camping.lesrivesdeparis.fr\/wp-content\/uploads\/2022\/06\/25757-210208090531204-0-300x163.jpg 300w, https:\/\/camping.lesrivesdeparis.fr\/wp-content\/uploads\/2022\/06\/25757-210208090531204-0-1024x558.jpg 1024w, https:\/\/camping.lesrivesdeparis.fr\/wp-content\/uploads\/2022\/06\/25757-210208090531204-0-768x418.jpg 768w, https:\/\/camping.lesrivesdeparis.fr\/wp-content\/uploads\/2022\/06\/25757-210208090531204-0.jpg 1280w\" sizes=\"(max-width: 300px) 100vw, 300px\" \/>\t\t\t\t\t\t\t\t<\/a>\n\t\t\t\t\t\t\t\t\t\t\t\t\t\t\t<\/div>\n\t\t\t\t<\/div>\n\t\t\t\t\t<\/div>\n\t\t\t\t<\/div>\n\t\t\t\t\t<\/details>\n\t\t\t\t\t<\/div>\n\t\t\t\t\t\t<\/div>\n\t\t\t\t<\/div>\n\t\t<div class=\"elementor-element elementor-element-c4ef277 e-grid e-con-boxed e-con e-parent\" data-id=\"c4ef277\" data-element_type=\"container\" data-e-type=\"container\">\n\t\t\t\t\t<div class=\"e-con-inner\">\n\t\t\t\t<div class=\"elementor-element elementor-element-1b45569 elementor-widget elementor-widget-image\" data-id=\"1b45569\" data-element_type=\"widget\" data-e-type=\"widget\" data-widget_type=\"image.default\">\n\t\t\t\t<div class=\"elementor-widget-container\">\n\t\t\t\t\t\t\t\t\t\t\t\t\t\t\t\t<a href=\"https:\/\/camping.lesrivesdeparis.fr\/wp-content\/uploads\/2022\/06\/Inauguration-de-la-promenade-BDM-06.2021-67-scaled.jpg\" data-elementor-open-lightbox=\"yes\" data-e-action-hash=\"#elementor-action%3Aaction%3Dlightbox%26settings%3DeyJpZCI6MTAyNDIsInVybCI6Imh0dHBzOlwvXC9jYW1waW5nLmxlc3JpdmVzZGVwYXJpcy5mclwvd3AtY29udGVudFwvdXBsb2Fkc1wvMjAyMlwvMDZcL0luYXVndXJhdGlvbi1kZS1sYS1wcm9tZW5hZGUtQkRNLTA2LjIwMjEtNjctc2NhbGVkLmpwZyJ9\">\n\t\t\t\t\t\t\t<img loading=\"lazy\" decoding=\"async\" width=\"800\" height=\"534\" src=\"https:\/\/camping.lesrivesdeparis.fr\/wp-content\/uploads\/2022\/06\/Inauguration-de-la-promenade-BDM-06.2021-67-1024x683.jpg\" class=\"attachment-large size-large wp-image-10242\" alt=\"\" srcset=\"https:\/\/camping.lesrivesdeparis.fr\/wp-content\/uploads\/2022\/06\/Inauguration-de-la-promenade-BDM-06.2021-67-1024x683.jpg 1024w, https:\/\/camping.lesrivesdeparis.fr\/wp-content\/uploads\/2022\/06\/Inauguration-de-la-promenade-BDM-06.2021-67-300x200.jpg 300w, https:\/\/camping.lesrivesdeparis.fr\/wp-content\/uploads\/2022\/06\/Inauguration-de-la-promenade-BDM-06.2021-67-768x512.jpg 768w, https:\/\/camping.lesrivesdeparis.fr\/wp-content\/uploads\/2022\/06\/Inauguration-de-la-promenade-BDM-06.2021-67-1536x1024.jpg 1536w, https:\/\/camping.lesrivesdeparis.fr\/wp-content\/uploads\/2022\/06\/Inauguration-de-la-promenade-BDM-06.2021-67-2048x1365.jpg 2048w\" sizes=\"(max-width: 800px) 100vw, 800px\" \/>\t\t\t\t\t\t\t\t<\/a>\n\t\t\t\t\t\t\t\t\t\t\t\t\t\t\t<\/div>\n\t\t\t\t<\/div>\n\t\t\t\t<div class=\"elementor-element elementor-element-fb631a0 elementor-widget elementor-widget-image\" data-id=\"fb631a0\" data-element_type=\"widget\" data-e-type=\"widget\" data-widget_type=\"image.default\">\n\t\t\t\t<div class=\"elementor-widget-container\">\n\t\t\t\t\t\t\t\t\t\t\t\t\t\t\t\t<a href=\"https:\/\/camping.lesrivesdeparis.fr\/wp-content\/uploads\/2022\/06\/Illustrations-Eglise-St-Baudile-06.2021-22-scaled.jpg\" data-elementor-open-lightbox=\"yes\" data-e-action-hash=\"#elementor-action%3Aaction%3Dlightbox%26settings%3DeyJpZCI6MTAyNjEsInVybCI6Imh0dHBzOlwvXC9jYW1waW5nLmxlc3JpdmVzZGVwYXJpcy5mclwvd3AtY29udGVudFwvdXBsb2Fkc1wvMjAyMlwvMDZcL0lsbHVzdHJhdGlvbnMtRWdsaXNlLVN0LUJhdWRpbGUtMDYuMjAyMS0yMi1zY2FsZWQuanBnIn0%3D\">\n\t\t\t\t\t\t\t<img loading=\"lazy\" decoding=\"async\" width=\"800\" height=\"534\" src=\"https:\/\/camping.lesrivesdeparis.fr\/wp-content\/uploads\/2022\/06\/Illustrations-Eglise-St-Baudile-06.2021-22-1024x683.jpg\" class=\"attachment-large size-large wp-image-10261\" alt=\"\" srcset=\"https:\/\/camping.lesrivesdeparis.fr\/wp-content\/uploads\/2022\/06\/Illustrations-Eglise-St-Baudile-06.2021-22-1024x683.jpg 1024w, https:\/\/camping.lesrivesdeparis.fr\/wp-content\/uploads\/2022\/06\/Illustrations-Eglise-St-Baudile-06.2021-22-300x200.jpg 300w, https:\/\/camping.lesrivesdeparis.fr\/wp-content\/uploads\/2022\/06\/Illustrations-Eglise-St-Baudile-06.2021-22-768x512.jpg 768w, https:\/\/camping.lesrivesdeparis.fr\/wp-content\/uploads\/2022\/06\/Illustrations-Eglise-St-Baudile-06.2021-22-1536x1024.jpg 1536w, https:\/\/camping.lesrivesdeparis.fr\/wp-content\/uploads\/2022\/06\/Illustrations-Eglise-St-Baudile-06.2021-22-2048x1365.jpg 2048w\" sizes=\"(max-width: 800px) 100vw, 800px\" \/>\t\t\t\t\t\t\t\t<\/a>\n\t\t\t\t\t\t\t\t\t\t\t\t\t\t\t<\/div>\n\t\t\t\t<\/div>\n\t\t\t\t<div class=\"elementor-element elementor-element-5aa2dec elementor-widget elementor-widget-image\" data-id=\"5aa2dec\" data-element_type=\"widget\" data-e-type=\"widget\" data-widget_type=\"image.default\">\n\t\t\t\t<div class=\"elementor-widget-container\">\n\t\t\t\t\t\t\t\t\t\t\t\t\t\t\t\t<a href=\"https:\/\/camping.lesrivesdeparis.fr\/wp-content\/uploads\/2026\/01\/Bateaux-05.2024-4-scaled.jpg\" data-elementor-open-lightbox=\"yes\" data-elementor-lightbox-title=\"Bateaux 05.2024-4\" data-e-action-hash=\"#elementor-action%3Aaction%3Dlightbox%26settings%3DeyJpZCI6MTE0MDEsInVybCI6Imh0dHBzOlwvXC9jYW1waW5nLmxlc3JpdmVzZGVwYXJpcy5mclwvd3AtY29udGVudFwvdXBsb2Fkc1wvMjAyNlwvMDFcL0JhdGVhdXgtMDUuMjAyNC00LXNjYWxlZC5qcGcifQ%3D%3D\">\n\t\t\t\t\t\t\t<img loading=\"lazy\" decoding=\"async\" width=\"800\" height=\"534\" src=\"https:\/\/camping.lesrivesdeparis.fr\/wp-content\/uploads\/2026\/01\/Bateaux-05.2024-4-1024x683.jpg\" class=\"attachment-large size-large wp-image-11401\" alt=\"\" srcset=\"https:\/\/camping.lesrivesdeparis.fr\/wp-content\/uploads\/2026\/01\/Bateaux-05.2024-4-1024x683.jpg 1024w, https:\/\/camping.lesrivesdeparis.fr\/wp-content\/uploads\/2026\/01\/Bateaux-05.2024-4-300x200.jpg 300w, https:\/\/camping.lesrivesdeparis.fr\/wp-content\/uploads\/2026\/01\/Bateaux-05.2024-4-768x512.jpg 768w, https:\/\/camping.lesrivesdeparis.fr\/wp-content\/uploads\/2026\/01\/Bateaux-05.2024-4-1536x1024.jpg 1536w, https:\/\/camping.lesrivesdeparis.fr\/wp-content\/uploads\/2026\/01\/Bateaux-05.2024-4-2048x1365.jpg 2048w, https:\/\/camping.lesrivesdeparis.fr\/wp-content\/uploads\/2026\/01\/Bateaux-05.2024-4-18x12.jpg 18w\" sizes=\"(max-width: 800px) 100vw, 800px\" \/>\t\t\t\t\t\t\t\t<\/a>\n\t\t\t\t\t\t\t\t\t\t\t\t\t\t\t<\/div>\n\t\t\t\t<\/div>\n\t\t\t\t<div class=\"elementor-element elementor-element-c5ee707 elementor-widget elementor-widget-image\" data-id=\"c5ee707\" data-element_type=\"widget\" data-e-type=\"widget\" data-widget_type=\"image.default\">\n\t\t\t\t<div class=\"elementor-widget-container\">\n\t\t\t\t\t\t\t\t\t\t\t\t\t\t\t\t<a href=\"https:\/\/camping.lesrivesdeparis.fr\/wp-content\/uploads\/2026\/01\/IMG_8065-scaled.jpg\" data-elementor-open-lightbox=\"yes\" data-elementor-lightbox-title=\"IMG_8065\" data-e-action-hash=\"#elementor-action%3Aaction%3Dlightbox%26settings%3DeyJpZCI6MTE0MDIsInVybCI6Imh0dHBzOlwvXC9jYW1waW5nLmxlc3JpdmVzZGVwYXJpcy5mclwvd3AtY29udGVudFwvdXBsb2Fkc1wvMjAyNlwvMDFcL0lNR184MDY1LXNjYWxlZC5qcGcifQ%3D%3D\">\n\t\t\t\t\t\t\t<img loading=\"lazy\" decoding=\"async\" width=\"800\" height=\"534\" src=\"https:\/\/camping.lesrivesdeparis.fr\/wp-content\/uploads\/2026\/01\/IMG_8065-1024x683.jpg\" class=\"attachment-large size-large wp-image-11402\" alt=\"\" srcset=\"https:\/\/camping.lesrivesdeparis.fr\/wp-content\/uploads\/2026\/01\/IMG_8065-1024x683.jpg 1024w, https:\/\/camping.lesrivesdeparis.fr\/wp-content\/uploads\/2026\/01\/IMG_8065-300x200.jpg 300w, https:\/\/camping.lesrivesdeparis.fr\/wp-content\/uploads\/2026\/01\/IMG_8065-768x512.jpg 768w, https:\/\/camping.lesrivesdeparis.fr\/wp-content\/uploads\/2026\/01\/IMG_8065-1536x1024.jpg 1536w, https:\/\/camping.lesrivesdeparis.fr\/wp-content\/uploads\/2026\/01\/IMG_8065-2048x1365.jpg 2048w, https:\/\/camping.lesrivesdeparis.fr\/wp-content\/uploads\/2026\/01\/IMG_8065-18x12.jpg 18w\" sizes=\"(max-width: 800px) 100vw, 800px\" \/>\t\t\t\t\t\t\t\t<\/a>\n\t\t\t\t\t\t\t\t\t\t\t\t\t\t\t<\/div>\n\t\t\t\t<\/div>\n\t\t\t\t<div class=\"elementor-element elementor-element-a224b35 elementor-widget elementor-widget-image\" data-id=\"a224b35\" data-element_type=\"widget\" data-e-type=\"widget\" data-widget_type=\"image.default\">\n\t\t\t\t<div class=\"elementor-widget-container\">\n\t\t\t\t\t\t\t\t\t\t\t\t\t\t\t\t<a href=\"https:\/\/camping.lesrivesdeparis.fr\/wp-content\/uploads\/2022\/06\/Voliere-menagerie-nuit-06.2021-13-scaled.jpg\" data-elementor-open-lightbox=\"yes\" data-e-action-hash=\"#elementor-action%3Aaction%3Dlightbox%26settings%3DeyJpZCI6MTAyOTIsInVybCI6Imh0dHBzOlwvXC9jYW1waW5nLmxlc3JpdmVzZGVwYXJpcy5mclwvd3AtY29udGVudFwvdXBsb2Fkc1wvMjAyMlwvMDZcL1ZvbGllcmUtbWVuYWdlcmllLW51aXQtMDYuMjAyMS0xMy1zY2FsZWQuanBnIn0%3D\">\n\t\t\t\t\t\t\t<img loading=\"lazy\" decoding=\"async\" width=\"800\" height=\"534\" src=\"https:\/\/camping.lesrivesdeparis.fr\/wp-content\/uploads\/2022\/06\/Voliere-menagerie-nuit-06.2021-13-1024x683.jpg\" class=\"attachment-large size-large wp-image-10292\" alt=\"\" srcset=\"https:\/\/camping.lesrivesdeparis.fr\/wp-content\/uploads\/2022\/06\/Voliere-menagerie-nuit-06.2021-13-1024x683.jpg 1024w, https:\/\/camping.lesrivesdeparis.fr\/wp-content\/uploads\/2022\/06\/Voliere-menagerie-nuit-06.2021-13-300x200.jpg 300w, https:\/\/camping.lesrivesdeparis.fr\/wp-content\/uploads\/2022\/06\/Voliere-menagerie-nuit-06.2021-13-768x512.jpg 768w, https:\/\/camping.lesrivesdeparis.fr\/wp-content\/uploads\/2022\/06\/Voliere-menagerie-nuit-06.2021-13-1536x1024.jpg 1536w, https:\/\/camping.lesrivesdeparis.fr\/wp-content\/uploads\/2022\/06\/Voliere-menagerie-nuit-06.2021-13-2048x1365.jpg 2048w\" sizes=\"(max-width: 800px) 100vw, 800px\" \/>\t\t\t\t\t\t\t\t<\/a>\n\t\t\t\t\t\t\t\t\t\t\t\t\t\t\t<\/div>\n\t\t\t\t<\/div>\n\t\t\t\t<div class=\"elementor-element elementor-element-0e86d1c elementor-widget elementor-widget-image\" data-id=\"0e86d1c\" data-element_type=\"widget\" data-e-type=\"widget\" data-widget_type=\"image.default\">\n\t\t\t\t<div class=\"elementor-widget-container\">\n\t\t\t\t\t\t\t\t\t\t\t\t\t\t\t<img loading=\"lazy\" decoding=\"async\" width=\"800\" height=\"534\" src=\"https:\/\/camping.lesrivesdeparis.fr\/wp-content\/uploads\/2022\/06\/PARC-HAUTE-ILE_JLB_07-09-2016_08-1024x683.jpg\" class=\"attachment-large size-large wp-image-10229\" alt=\"\" srcset=\"https:\/\/camping.lesrivesdeparis.fr\/wp-content\/uploads\/2022\/06\/PARC-HAUTE-ILE_JLB_07-09-2016_08-1024x683.jpg 1024w, https:\/\/camping.lesrivesdeparis.fr\/wp-content\/uploads\/2022\/06\/PARC-HAUTE-ILE_JLB_07-09-2016_08-300x200.jpg 300w, https:\/\/camping.lesrivesdeparis.fr\/wp-content\/uploads\/2022\/06\/PARC-HAUTE-ILE_JLB_07-09-2016_08-768x512.jpg 768w, https:\/\/camping.lesrivesdeparis.fr\/wp-content\/uploads\/2022\/06\/PARC-HAUTE-ILE_JLB_07-09-2016_08.jpg 1500w\" sizes=\"(max-width: 800px) 100vw, 800px\" \/>\t\t\t\t\t\t\t\t\t\t\t\t\t\t\t<\/div>\n\t\t\t\t<\/div>\n\t\t\t\t\t<\/div>\n\t\t\t\t<\/div>\n\t\t\t\t\t<\/div>\n\t\t<\/div>\n\t\t\t\t\t<\/div>\n\t\t<\/section>\n\t\t\t\t<section class=\"elementor-section elementor-top-section elementor-element elementor-element-deec4b3 elementor-section-boxed elementor-section-height-default elementor-section-height-default\" data-id=\"deec4b3\" data-element_type=\"section\" data-e-type=\"section\">\n\t\t\t\t\t\t<div class=\"elementor-container elementor-column-gap-default\">\n\t\t\t\t\t<div class=\"elementor-column elementor-col-100 elementor-top-column elementor-element elementor-element-a1640da\" data-id=\"a1640da\" data-element_type=\"column\" data-e-type=\"column\">\n\t\t\t<div class=\"elementor-widget-wrap elementor-element-populated\">\n\t\t\t\t\t\t<div class=\"elementor-element elementor-element-46e638c elementor-tablet-align-center elementor-mobile-align-center elementor-align-center elementor-widget elementor-widget-button\" data-id=\"46e638c\" data-element_type=\"widget\" data-e-type=\"widget\" data-widget_type=\"button.default\">\n\t\t\t\t<div class=\"elementor-widget-container\">\n\t\t\t\t\t\t\t\t\t<div class=\"elementor-button-wrapper\">\n\t\t\t\t\t<a class=\"elementor-button elementor-button-link elementor-size-sm elementor-animation-float\" href=\"https:\/\/camping.lesrivesdeparis.fr\/en\/disneyland-paris\/\">\n\t\t\t\t\t\t<span class=\"elementor-button-content-wrapper\">\n\t\t\t\t\t\t\t\t\t<span class=\"elementor-button-text\">Theme parks<\/span>\n\t\t\t\t\t<\/span>\n\t\t\t\t\t<\/a>\n\t\t\t\t<\/div>\n\t\t\t\t\t\t\t\t<\/div>\n\t\t\t\t<\/div>\n\t\t\t\t\t<\/div>\n\t\t<\/div>\n\t\t\t\t\t<\/div>\n\t\t<\/section>\n\t\t\t\t<\/div>","protected":false},"excerpt":{"rendered":"<p>\ud83d\udc0e Centre \u00e9questre Le Centre \u00c9questre municipal Les Rives de Paris propose des cours d\u2019\u00e9quitation pour les cavaliers d\u00e9butants et confirm\u00e9s. Pour r\u00e9server un cours, prenez contact avec le Centre \u00c9questre\u00a0en cliquant ici. \u26f5 Bateaux \u00e9lectriques sans permis La ville de Neuilly-sur-Marne propose \u00e0 la location des bateaux \u00e9lectriques sans permis pour 1h, 2h ou [&hellip;]<\/p>\n","protected":false},"author":1,"featured_media":8838,"parent":0,"menu_order":0,"comment_status":"closed","ping_status":"closed","template":"","meta":{"footnotes":""},"class_list":["post-8043","page","type-page","status-publish","has-post-thumbnail","hentry"],"yoast_head":"<!-- This site is optimized with the Yoast SEO plugin v27.4 - https:\/\/yoast.com\/product\/yoast-seo-wordpress\/ -->\n<title>Les activit\u00e9s - Camping Les Rives de Paris<\/title>\n<meta name=\"description\" content=\"Activit\u00e9s autour du Camping les Rives de Paris \u00e0 Neuilly-sur-Marne : Les bords de Marne en v\u00e9lo, festival Neuilly l\u2019\u00c9t\u00e9, restaurant et guinguette.\" \/>\n<meta name=\"robots\" content=\"index, follow, max-snippet:-1, max-image-preview:large, max-video-preview:-1\" \/>\n<link rel=\"canonical\" href=\"https:\/\/camping.lesrivesdeparis.fr\/en\/les-activites\/\" \/>\n<meta property=\"og:locale\" content=\"en_GB\" \/>\n<meta property=\"og:type\" content=\"article\" \/>\n<meta property=\"og:title\" content=\"Les activit\u00e9s - Camping Les Rives de Paris\" \/>\n<meta property=\"og:description\" content=\"Activit\u00e9s autour du Camping les Rives de Paris \u00e0 Neuilly-sur-Marne : Les bords de Marne en v\u00e9lo, festival Neuilly l\u2019\u00c9t\u00e9, restaurant et guinguette.\" \/>\n<meta property=\"og:url\" content=\"https:\/\/camping.lesrivesdeparis.fr\/en\/les-activites\/\" \/>\n<meta property=\"og:site_name\" content=\"Camping Les Rives de Paris\" \/>\n<meta property=\"article:publisher\" content=\"https:\/\/www.facebook.com\/ville.neuilly\" \/>\n<meta property=\"article:modified_time\" content=\"2026-01-21T13:40:28+00:00\" \/>\n<meta property=\"og:image\" content=\"https:\/\/camping.lesrivesdeparis.fr\/wp-content\/uploads\/2022\/05\/Parc-des-33-hectares-3-e1653299023727.jpg\" \/>\n\t<meta property=\"og:image:width\" content=\"800\" \/>\n\t<meta property=\"og:image:height\" content=\"800\" \/>\n\t<meta property=\"og:image:type\" content=\"image\/jpeg\" \/>\n<meta name=\"twitter:card\" content=\"summary_large_image\" \/>\n<meta name=\"twitter:label1\" content=\"Estimated reading time\" \/>\n\t<meta name=\"twitter:data1\" content=\"12 minutes\" \/>\n<script type=\"application\/ld+json\" class=\"yoast-schema-graph\">{\"@context\":\"https:\\\/\\\/schema.org\",\"@graph\":[{\"@type\":\"WebPage\",\"@id\":\"https:\\\/\\\/camping.lesrivesdeparis.fr\\\/nl\\\/les-activites\\\/\",\"url\":\"https:\\\/\\\/camping.lesrivesdeparis.fr\\\/nl\\\/les-activites\\\/\",\"name\":\"Les activit\u00e9s - Camping Les Rives de Paris\",\"isPartOf\":{\"@id\":\"https:\\\/\\\/camping.lesrivesdeparis.fr\\\/#website\"},\"primaryImageOfPage\":{\"@id\":\"https:\\\/\\\/camping.lesrivesdeparis.fr\\\/nl\\\/les-activites\\\/#primaryimage\"},\"image\":{\"@id\":\"https:\\\/\\\/camping.lesrivesdeparis.fr\\\/nl\\\/les-activites\\\/#primaryimage\"},\"thumbnailUrl\":\"https:\\\/\\\/camping.lesrivesdeparis.fr\\\/wp-content\\\/uploads\\\/2022\\\/05\\\/Parc-des-33-hectares-3-e1653299023727.jpg\",\"datePublished\":\"2022-04-26T14:14:57+00:00\",\"dateModified\":\"2026-01-21T13:40:28+00:00\",\"description\":\"Activit\u00e9s autour du Camping les Rives de Paris \u00e0 Neuilly-sur-Marne : Les bords de Marne en v\u00e9lo, festival Neuilly l\u2019\u00c9t\u00e9, restaurant et guinguette.\",\"breadcrumb\":{\"@id\":\"https:\\\/\\\/camping.lesrivesdeparis.fr\\\/nl\\\/les-activites\\\/#breadcrumb\"},\"inLanguage\":\"en-GB\",\"potentialAction\":[{\"@type\":\"ReadAction\",\"target\":[\"https:\\\/\\\/camping.lesrivesdeparis.fr\\\/nl\\\/les-activites\\\/\"]}]},{\"@type\":\"ImageObject\",\"inLanguage\":\"en-GB\",\"@id\":\"https:\\\/\\\/camping.lesrivesdeparis.fr\\\/nl\\\/les-activites\\\/#primaryimage\",\"url\":\"https:\\\/\\\/camping.lesrivesdeparis.fr\\\/wp-content\\\/uploads\\\/2022\\\/05\\\/Parc-des-33-hectares-3-e1653299023727.jpg\",\"contentUrl\":\"https:\\\/\\\/camping.lesrivesdeparis.fr\\\/wp-content\\\/uploads\\\/2022\\\/05\\\/Parc-des-33-hectares-3-e1653299023727.jpg\",\"width\":800,\"height\":800},{\"@type\":\"BreadcrumbList\",\"@id\":\"https:\\\/\\\/camping.lesrivesdeparis.fr\\\/nl\\\/les-activites\\\/#breadcrumb\",\"itemListElement\":[{\"@type\":\"ListItem\",\"position\":1,\"name\":\"Accueil\",\"item\":\"https:\\\/\\\/camping.lesrivesdeparis.fr\\\/\"},{\"@type\":\"ListItem\",\"position\":2,\"name\":\"Les activit\u00e9s\"}]},{\"@type\":\"WebSite\",\"@id\":\"https:\\\/\\\/camping.lesrivesdeparis.fr\\\/#website\",\"url\":\"https:\\\/\\\/camping.lesrivesdeparis.fr\\\/\",\"name\":\"Camping Les Rives de Paris\",\"description\":\"\",\"publisher\":{\"@id\":\"https:\\\/\\\/camping.lesrivesdeparis.fr\\\/#organization\"},\"potentialAction\":[{\"@type\":\"SearchAction\",\"target\":{\"@type\":\"EntryPoint\",\"urlTemplate\":\"https:\\\/\\\/camping.lesrivesdeparis.fr\\\/?s={search_term_string}\"},\"query-input\":{\"@type\":\"PropertyValueSpecification\",\"valueRequired\":true,\"valueName\":\"search_term_string\"}}],\"inLanguage\":\"en-GB\"},{\"@type\":\"Organization\",\"@id\":\"https:\\\/\\\/camping.lesrivesdeparis.fr\\\/#organization\",\"name\":\"Camping Les rives de Paris\",\"url\":\"https:\\\/\\\/camping.lesrivesdeparis.fr\\\/\",\"logo\":{\"@type\":\"ImageObject\",\"inLanguage\":\"en-GB\",\"@id\":\"https:\\\/\\\/camping.lesrivesdeparis.fr\\\/#\\\/schema\\\/logo\\\/image\\\/\",\"url\":\"https:\\\/\\\/camping.lesrivesdeparis.fr\\\/wp-content\\\/uploads\\\/2022\\\/06\\\/logo-camping-rives-paris-scaled.jpg\",\"contentUrl\":\"https:\\\/\\\/camping.lesrivesdeparis.fr\\\/wp-content\\\/uploads\\\/2022\\\/06\\\/logo-camping-rives-paris-scaled.jpg\",\"width\":2329,\"height\":2560,\"caption\":\"Camping Les rives de Paris\"},\"image\":{\"@id\":\"https:\\\/\\\/camping.lesrivesdeparis.fr\\\/#\\\/schema\\\/logo\\\/image\\\/\"},\"sameAs\":[\"https:\\\/\\\/www.facebook.com\\\/ville.neuilly\",\"https:\\\/\\\/www.instagram.com\\\/neuilly_marne\\\/\",\"https:\\\/\\\/www.linkedin.com\\\/company\\\/ville-de-neuilly-sur-marne\\\/\"]}]}<\/script>\n<!-- \/ Yoast SEO plugin. -->","yoast_head_json":{"title":"Activities - Camping Les Rives de Paris","description":"Activities around Les Rives de Paris campsite in Neuilly-sur-Marne: Cycling along the banks of the Marne, Neuilly l'\u00c9t\u00e9 festival, restaurant and guinguette.","robots":{"index":"index","follow":"follow","max-snippet":"max-snippet:-1","max-image-preview":"max-image-preview:large","max-video-preview":"max-video-preview:-1"},"canonical":"https:\/\/camping.lesrivesdeparis.fr\/en\/les-activites\/","og_locale":"en_GB","og_type":"article","og_title":"Les activit\u00e9s - Camping Les Rives de Paris","og_description":"Activit\u00e9s autour du Camping les Rives de Paris \u00e0 Neuilly-sur-Marne : Les bords de Marne en v\u00e9lo, festival Neuilly l\u2019\u00c9t\u00e9, restaurant et guinguette.","og_url":"https:\/\/camping.lesrivesdeparis.fr\/en\/les-activites\/","og_site_name":"Camping Les Rives de Paris","article_publisher":"https:\/\/www.facebook.com\/ville.neuilly","article_modified_time":"2026-01-21T13:40:28+00:00","og_image":[{"width":800,"height":800,"url":"https:\/\/camping.lesrivesdeparis.fr\/wp-content\/uploads\/2022\/05\/Parc-des-33-hectares-3-e1653299023727.jpg","type":"image\/jpeg"}],"twitter_card":"summary_large_image","twitter_misc":{"Estimated reading time":"12 minutes"},"schema":{"@context":"https:\/\/schema.org","@graph":[{"@type":"WebPage","@id":"https:\/\/camping.lesrivesdeparis.fr\/nl\/les-activites\/","url":"https:\/\/camping.lesrivesdeparis.fr\/nl\/les-activites\/","name":"Activities - Camping Les Rives de Paris","isPartOf":{"@id":"https:\/\/camping.lesrivesdeparis.fr\/#website"},"primaryImageOfPage":{"@id":"https:\/\/camping.lesrivesdeparis.fr\/nl\/les-activites\/#primaryimage"},"image":{"@id":"https:\/\/camping.lesrivesdeparis.fr\/nl\/les-activites\/#primaryimage"},"thumbnailUrl":"https:\/\/camping.lesrivesdeparis.fr\/wp-content\/uploads\/2022\/05\/Parc-des-33-hectares-3-e1653299023727.jpg","datePublished":"2022-04-26T14:14:57+00:00","dateModified":"2026-01-21T13:40:28+00:00","description":"Activities around Les Rives de Paris campsite in Neuilly-sur-Marne: Cycling along the banks of the Marne, Neuilly l'\u00c9t\u00e9 festival, restaurant and guinguette.","breadcrumb":{"@id":"https:\/\/camping.lesrivesdeparis.fr\/nl\/les-activites\/#breadcrumb"},"inLanguage":"en-GB","potentialAction":[{"@type":"ReadAction","target":["https:\/\/camping.lesrivesdeparis.fr\/nl\/les-activites\/"]}]},{"@type":"ImageObject","inLanguage":"en-GB","@id":"https:\/\/camping.lesrivesdeparis.fr\/nl\/les-activites\/#primaryimage","url":"https:\/\/camping.lesrivesdeparis.fr\/wp-content\/uploads\/2022\/05\/Parc-des-33-hectares-3-e1653299023727.jpg","contentUrl":"https:\/\/camping.lesrivesdeparis.fr\/wp-content\/uploads\/2022\/05\/Parc-des-33-hectares-3-e1653299023727.jpg","width":800,"height":800},{"@type":"BreadcrumbList","@id":"https:\/\/camping.lesrivesdeparis.fr\/nl\/les-activites\/#breadcrumb","itemListElement":[{"@type":"ListItem","position":1,"name":"Accueil","item":"https:\/\/camping.lesrivesdeparis.fr\/"},{"@type":"ListItem","position":2,"name":"Les activit\u00e9s"}]},{"@type":"WebSite","@id":"https:\/\/camping.lesrivesdeparis.fr\/#website","url":"https:\/\/camping.lesrivesdeparis.fr\/","name":"Campsite Les Rives de Paris","description":"","publisher":{"@id":"https:\/\/camping.lesrivesdeparis.fr\/#organization"},"potentialAction":[{"@type":"SearchAction","target":{"@type":"EntryPoint","urlTemplate":"https:\/\/camping.lesrivesdeparis.fr\/?s={search_term_string}"},"query-input":{"@type":"PropertyValueSpecification","valueRequired":true,"valueName":"search_term_string"}}],"inLanguage":"en-GB"},{"@type":"Organization","@id":"https:\/\/camping.lesrivesdeparis.fr\/#organization","name":"Campsite Les rives de Paris","url":"https:\/\/camping.lesrivesdeparis.fr\/","logo":{"@type":"ImageObject","inLanguage":"en-GB","@id":"https:\/\/camping.lesrivesdeparis.fr\/#\/schema\/logo\/image\/","url":"https:\/\/camping.lesrivesdeparis.fr\/wp-content\/uploads\/2022\/06\/logo-camping-rives-paris-scaled.jpg","contentUrl":"https:\/\/camping.lesrivesdeparis.fr\/wp-content\/uploads\/2022\/06\/logo-camping-rives-paris-scaled.jpg","width":2329,"height":2560,"caption":"Camping Les rives de Paris"},"image":{"@id":"https:\/\/camping.lesrivesdeparis.fr\/#\/schema\/logo\/image\/"},"sameAs":["https:\/\/www.facebook.com\/ville.neuilly","https:\/\/www.instagram.com\/neuilly_marne\/","https:\/\/www.linkedin.com\/company\/ville-de-neuilly-sur-marne\/"]}]}},"_links":{"self":[{"href":"https:\/\/camping.lesrivesdeparis.fr\/en\/wp-json\/wp\/v2\/pages\/8043","targetHints":{"allow":["GET"]}}],"collection":[{"href":"https:\/\/camping.lesrivesdeparis.fr\/en\/wp-json\/wp\/v2\/pages"}],"about":[{"href":"https:\/\/camping.lesrivesdeparis.fr\/en\/wp-json\/wp\/v2\/types\/page"}],"author":[{"embeddable":true,"href":"https:\/\/camping.lesrivesdeparis.fr\/en\/wp-json\/wp\/v2\/users\/1"}],"replies":[{"embeddable":true,"href":"https:\/\/camping.lesrivesdeparis.fr\/en\/wp-json\/wp\/v2\/comments?post=8043"}],"version-history":[{"count":39,"href":"https:\/\/camping.lesrivesdeparis.fr\/en\/wp-json\/wp\/v2\/pages\/8043\/revisions"}],"predecessor-version":[{"id":11497,"href":"https:\/\/camping.lesrivesdeparis.fr\/en\/wp-json\/wp\/v2\/pages\/8043\/revisions\/11497"}],"wp:featuredmedia":[{"embeddable":true,"href":"https:\/\/camping.lesrivesdeparis.fr\/en\/wp-json\/wp\/v2\/media\/8838"}],"wp:attachment":[{"href":"https:\/\/camping.lesrivesdeparis.fr\/en\/wp-json\/wp\/v2\/media?parent=8043"}],"curies":[{"name":"wp","href":"https:\/\/api.w.org\/{rel}","templated":true}]}}